{"id":177,"date":"2016-03-08T12:56:48","date_gmt":"2016-03-08T11:56:48","guid":{"rendered":"http:\/\/www.diasporafriends.de\/zzbefore\/en\/?page_id=177"},"modified":"2020-03-19T10:35:15","modified_gmt":"2020-03-19T09:35:15","slug":"links-material","status":"publish","type":"page","link":"https:\/\/www.before-muenchen.de\/en\/links-material\/","title":{"rendered":"Links &#038; Material"},"content":{"rendered":"<h1 style=\"text-align: left;\">Links &amp; Material<\/h1>\n<p style=\"text-align: left;\"><strong>Downloads<\/strong><br \/>\n<a href=\"https:\/\/www.before-muenchen.de\/wp-content\/uploads\/2019\/05\/BEFORE-Informationsmaterialien-.pdf\">Overview and Order Form<\/a><\/p>\n<p><strong>Recommendations<\/strong><br \/>\n<a href=\"https:\/\/www.before-muenchen.de\/wp-content\/uploads\/2018\/11\/BEFORE-What-should-I-do-when-I-was-discriminated-against.pdf\">What should I do when I was discriminated against?<\/a><\/p>\n<p style=\"text-align: left;\"><a href=\"https:\/\/www.before-muenchen.de\/wp-content\/uploads\/2018\/11\/BEFORE-What-should-be-done-after-a-right-wing-attack.pdf\">What should be done after a right-wing attack?<\/a><\/p>\n<p style=\"text-align: left;\"><strong>Information<\/strong><br \/>\n<a href=\"https:\/\/www.before-muenchen.de\/wp-content\/uploads\/2018\/12\/Zwei-Jahre-BEFORE.pdf\">Two years of counselling &#8211; Booklet<\/a><\/p>\n<p style=\"text-align: left;\"><a href=\"http:\/\/www.before-muenchen.de\/wp-content\/uploads\/2016\/03\/Before_Broschuere_RZ_14.03.pdf\" target=\"_blank\" rel=\"noopener noreferrer\">BEFORE flyer<\/a><br \/>\n<a href=\"http:\/\/www.before-muenchen.de\/wp-content\/uploads\/2016\/03\/Before_Postkarte_RZ_14.03.pdf\" target=\"_blank\" rel=\"noopener noreferrer\">BEFORE postcard german<br \/>\n<\/a><a href=\"http:\/\/www.before-muenchen.de\/wp-content\/uploads\/2016\/03\/Before_Postkarte_RZ_14.03_EN.pdf\" target=\"_blank\" rel=\"noopener noreferrer\">BEFORE postcard english<br \/>\n<\/a><a href=\"http:\/\/www.before-muenchen.de\/wp-content\/uploads\/2016\/03\/Before_Postkarte_RZ_14.03_FR.pdf\" target=\"_blank\" rel=\"noopener noreferrer\">BEFORE postcard french<\/a><br \/>\n<a href=\"http:\/\/www.before-muenchen.de\/wp-content\/uploads\/2016\/03\/Before_Postkarte_RZ_14.03_TUERK.pdf\" target=\"_blank\" rel=\"noopener noreferrer\">BEFORE postcard turkish<\/a><br \/>\n<a href=\"http:\/\/www.before-muenchen.de\/wp-content\/uploads\/2016\/03\/Before_Postkarte_RZ_14.03_ARAB.pdf\" target=\"_blank\" rel=\"noopener noreferrer\">BEFORE postcard arabic<\/a><\/p>\n<h2 style=\"text-align: left;\"><\/h2>\n<h2 style=\"text-align: left;\">Links<\/h2>\n<p style=\"text-align: left;\"><strong>Councelling centres in Germany<\/strong><br \/>\nOpferperspektive Brandenburg: <a href=\"http:\/\/www.opferperspektive.de\" target=\"_blank\" rel=\"noopener noreferrer\">www.opferperspektive.de<\/a><br \/>\nReachOut Berlin: <a href=\"http:\/\/www.reachoutberlin.de\/\" target=\"_blank\" rel=\"noopener noreferrer\">www.reachoutberlin.de<\/a><br \/>\nT\u00fcrkischer Bund in Berlin-Brandenburg: <a href=\"http:\/\/www.tbb-berlin.de\/\" target=\"_blank\" rel=\"noopener noreferrer\">www.tbb-berlin.de<\/a><br \/>\nAntidiskriminierungsnetzwerk Berlin des TBB (ADNB): <a href=\"http:\/\/www.adnb.de\/\" target=\"_blank\" rel=\"noopener noreferrer\">www.adnb.de<\/a><br \/>\nOpferberatung NRW: <a href=\"http:\/\/www.opferberatung-nrw.de\/\" target=\"_blank\" rel=\"noopener noreferrer\">www.opferberatung-nrw.de<\/a><\/p>\n<p style=\"text-align: left;\"><strong>Councelling centres in Bavaria<\/strong><br \/>\nB.U.D. Beratung, Unterst\u00fctzung und Dokumentation f\u00fcr Opfer rechtsextremer Gewalt: <a href=\"https:\/\/www.lks-bayern.de\/Angebot\/Opferberatung\" target=\"_blank\" rel=\"noopener noreferrer\">www.lks-bayern.de\/Angebot\/Opferberatung<\/a><br \/>\nLandeskoordinierungsstelle Bayern gegen Rechtsextremismus: <a href=\"https:\/\/www.lks-bayern.de\/\" target=\"_blank\" rel=\"noopener noreferrer\">www.lks-bayern.de<\/a><br \/>\nMadhouse GmbH, \u00dcberregionale ambulante Erziehungshilfe Sinti und Roma: <a href=\"http:\/\/www.madhouse-munich.com\/\" target=\"_blank\" rel=\"noopener noreferrer\">www.madhouse-munich.com<\/a><br \/>\nREFUGIO M\u00fcnchen, Beratungs- und Behandlungszentrum f\u00fcr Fl\u00fcchtlinge und Folteropfer: <a href=\"http:\/\/www.refugio-muenchen.de\/\" target=\"_blank\" rel=\"noopener noreferrer\">www.refugio-muenchen.de<\/a><br \/>\nBehindertenbeirat der Landeshauptstadt M\u00fcnchen: <a href=\"http:\/\/www.behindertenbeirat-muenchen.de\/\" target=\"_blank\" rel=\"noopener noreferrer\">www.behindertenbeirat-muenchen.de<\/a><\/p>\n<p style=\"text-align: left;\"><strong>Networks<\/strong><br \/>\nAntidiskriminierungsverband Deutschland: <a href=\"http:\/\/www.antidiskriminierung.org\/\" target=\"_blank\" rel=\"noopener noreferrer\">www.antidiskriminierung.org<\/a><br \/>\nAusl\u00e4nderbeirat M\u00fcnchen: <a href=\"http:\/\/www.auslaenderbeirat-muenchen.de\/\" target=\"_blank\" rel=\"noopener noreferrer\">www.auslaenderbeirat-muenchen.de<\/a><br \/>\nVerband der Beratungsstellen f\u00fcr Betroffene rechter, rassistischer und antisemitischer<\/p>\n<p>Gewalt e.V. (VBRG): <a href=\"https:\/\/www.demokratie-leben.de\/programmpartner\/strukturfoerderung-zum-bundeszentralen-traeger\/verband-der-beratungsstellen-fuer-betroffene-rechter-rassistischer-und-antisemitischer-gewalt.html\" target=\"_blank\" rel=\"noopener noreferrer\">https:\/\/www.demokratie-leben.de\/programmpartner\/strukturfoerderung-zum-bundeszentralen-traeger\/verband-der-beratungsstellen-fuer-betroffene-rechter-rassistischer-und-antisemitischer-gewalt.html<br \/>\n<\/a>Kommunales Netzwerk gegen Rechtsextremismus und Rassismus: <a href=\"http:\/\/www.muenchen.de\/rathaus\/Stadtpolitik\/Fachstelle-fuer-Demokratie\/kommunalesNetzwerk.html\" target=\"_blank\" rel=\"noopener noreferrer\">http:\/\/www.muenchen.de\/rathaus\/Stadtpolitik\/Fachstelle-fuer-Demokratie\/kommunalesNetzwerk.html<\/a><br \/>\nNetzwerk Rassismus- und Diskriminierungsfreies Bayern: <a href=\"http:\/\/www.rassismusfreies-bayern.net\/\" target=\"_blank\" rel=\"noopener noreferrer\">http:\/\/www.rassismusfreies-bayern.net<\/a><\/p>\n<p style=\"text-align: left;\">Fachinformationsstelle Rechtsextremismus in M\u00fcnchen (FIRM): <a href=\"http:\/\/www.muenchen.de\/rathaus\/Stadtpolitik\/Fachstelle-fuer-Demokratie\/kommunalesNetzwerk\/FIRM.html\" target=\"_blank\" rel=\"noopener noreferrer\">http:\/\/www.muenchen.de\/rathaus\/Stadtpolitik\/Fachstelle-fuer-Demokratie\/kommunalesNetzwerk\/FIRM.html<\/a><br \/>\nFachstelle f\u00fcr Demokratie &#8211; gegen Rechtsextremismus, Rassismus und<br \/>\nMenschenfeindlichkeit: <a href=\"http:\/\/www.muenchen.de\/rathaus\/Stadtpolitik\/Fachstelle-fuer-Demokratie.html\" target=\"_blank\" rel=\"noopener noreferrer\">http:\/\/www.muenchen.de\/rathaus\/Stadtpolitik\/Fachstelle-fuer-Demokratie.html<\/a><br \/>\nBISS e.V: <a href=\"http:\/\/www.biss-ev.de\/\" target=\"_blank\" rel=\"noopener noreferrer\">www.biss-ev.de<\/a><br \/>\nBayerischer Fl\u00fcchtlingsrat: <a href=\"http:\/\/www.fluechtlingsrat-bayern.de\/\" target=\"_blank\" rel=\"noopener noreferrer\">www.fluechtlingsrat-bayern.de<\/a><br \/>\nArbeitsgemeinschaft Friedensp\u00e4dagogik e.V. (AGFP): <a href=\"http:\/\/www.agfp.de\/\" target=\"_blank\" rel=\"noopener noreferrer\">www.agfp.de<\/a><br \/>\nM\u00fcnchenstift GmbH: <a href=\"http:\/\/www.muenchenstift.de\/\" target=\"_blank\" rel=\"noopener noreferrer\">www.muenchenstift.de<\/a><br \/>\nLichterkette e.V: <a href=\"http:\/\/www.lichterkette.de\/\" target=\"_blank\" rel=\"noopener noreferrer\">www.lichterkette.de<\/a><br \/>\nAntifaschistische informations-, dokumentations- und archivstelle M\u00fcnchen e.V a.i.d.a.: <a href=\"https:\/\/www.aida-archiv.de\/\" target=\"_blank\" rel=\"noopener noreferrer\">www.aida-archiv.de<\/a><br \/>\nArbeitsgemeinschaft der Ausl\u00e4nder-, Migranten- und Integrationsbeir\u00e4te Bayerns AGABY: <a href=\"http:\/\/www.agaby.de\/\" target=\"_blank\" rel=\"noopener noreferrer\">www.agaby.de<br \/>\n<\/a>Sub &#8211; Schwules Kommunikations- und Kulturzentrum M\u00fcnchen e.V.: <a href=\"https:\/\/www.subonline.org\/\" target=\"_blank\" rel=\"noopener noreferrer\">www.suboline.de<\/a><\/p>\n<p style=\"text-align: left;\"><strong>Recommended literature <\/strong><\/p>\n<p style=\"text-align: left;\">Heitmeyer Wilhelm, <em>Deutsche Zust\u00e4nde<\/em>, edition suhrkamp<br \/>\nSimsek Semiya, <em>Schmerzliche Heimat<\/em>, rowohlt Berlin<br \/>\nDostluk Sinemas\u0131 (Hrsg.), <em>Von Mauerfall bis Nagelbombe<\/em>, Amadeu Antonio Stiftung<br \/>\nTerkessidis Mark, <em>Interkultur<\/em>, edition Suhrkamp<br \/>\nOpferperspektive e.V. (Hrsg.): <em>Rassistische Diskriminierung und rechte Gewalt<\/em>, Dampfboot-Verlag<br \/>\nAgentur f\u00fcr soziale Perspektive, <em>Versteckspiel: Lifestyle, Symbole &amp; Codes<\/em><br \/>\n<em> von Neonazis und extrem Rechten<\/em><br \/>\nHerrmann, Jutta: <em>Perspektiven Professioneller Opferhilfe: Theorie und Praxis eines interdisziplin\u00e4ren Handlungsfeldes<\/em><br \/>\nScherr, Albert: <em>Diskriminierung soziale Ungleichheiten<\/em>, Springer VS<br \/>\nSchulze, Christoph \/ Weber, Ella (Hrsg.): <em>K\u00e4mpfe um Raumhoheit. Rechte Gewalt, &#8220;No Go Areas&#8221; und &#8220;National befreite Zonen&#8221;<\/em><\/p>\n<p style=\"text-align: left;\">","protected":false},"excerpt":{"rendered":"<p>Links &amp; Material Downloads Overview and Order &#8230; <\/p>\n","protected":false},"author":1,"featured_media":0,"parent":0,"menu_order":25,"comment_status":"closed","ping_status":"closed","template":"","meta":{"_acf_changed":false,"footnotes":""},"class_list":["post-177","page","type-page","status-publish","hentry"],"acf":[],"_links":{"self":[{"href":"https:\/\/www.before-muenchen.de\/en\/wp-json\/wp\/v2\/pages\/177","targetHints":{"allow":["GET"]}}],"collection":[{"href":"https:\/\/www.before-muenchen.de\/en\/wp-json\/wp\/v2\/pages"}],"about":[{"href":"https:\/\/www.before-muenchen.de\/en\/wp-json\/wp\/v2\/types\/page"}],"author":[{"embeddable":true,"href":"https:\/\/www.before-muenchen.de\/en\/wp-json\/wp\/v2\/users\/1"}],"replies":[{"embeddable":true,"href":"https:\/\/www.before-muenchen.de\/en\/wp-json\/wp\/v2\/comments?post=177"}],"version-history":[{"count":5,"href":"https:\/\/www.before-muenchen.de\/en\/wp-json\/wp\/v2\/pages\/177\/revisions"}],"predecessor-version":[{"id":1573,"href":"https:\/\/www.before-muenchen.de\/en\/wp-json\/wp\/v2\/pages\/177\/revisions\/1573"}],"wp:attachment":[{"href":"https:\/\/www.before-muenchen.de\/en\/wp-json\/wp\/v2\/media?parent=177"}],"curies":[{"name":"wp","href":"https:\/\/api.w.org\/{rel}","templated":true}]}}