{"id":648,"date":"2016-02-29T15:31:52","date_gmt":"2016-02-29T14:31:52","guid":{"rendered":"https:\/\/www.before-muenchen.de\/fr\/conseil\/opferberatung\/"},"modified":"2016-10-10T11:34:10","modified_gmt":"2016-10-10T09:34:10","slug":"conseil-aux-victimes","status":"publish","type":"page","link":"https:\/\/www.before-muenchen.de\/fr\/conseil\/conseil-aux-victimes\/","title":{"rendered":"Conseil aux victimes"},"content":{"rendered":"<p>BEFORE aide les personnes directement ou indirectement concern\u00e9es \u00e0 surmonter les cons\u00e9quences d\u2019une agression r\u00e9sultant de violences \u00e0 caract\u00e8re raciste et d\u2019extr\u00eame droite.<br \/>\nEn outre, les personnes concern\u00e9es sont souvent expos\u00e9es aux r\u00e9actions de leur environnement social. Il peut arriver, par exemple, que l\u2019on attribue une part de responsabilit\u00e9 \u00e0 la personne agress\u00e9e.<br \/>\nNotre r\u00f4le est d\u2019aider ces personnes \u00e0 prendre conscience de leurs droits afin de d\u00e9gager une nouvelle marge de man\u0153uvre.<\/p>\n<h3>Que sont les violences d\u2019extr\u00eame droite ?<\/h3>\n<p><strong>Motivation de l\u2019acte<\/strong><br \/>\nLes actes de violences \u00e0 caract\u00e8re raciste et d\u2019extr\u00eame droite sont des agressions motiv\u00e9es par une attitude et des pr\u00e9jug\u00e9s envers les membres d&rsquo;un groupe social. Il peut s\u2019agir : de racisme, d\u2019antis\u00e9mitisme, d\u2019islamophobie, de darwinisme social, d\u2019homophobie et de transphobie.<br \/>\nLes auteurs recherchent des personnes cibl\u00e9es sur la base de crit\u00e8res tels que :<\/p>\n<ul>\n<li>l\u2019orientation sexuelle et\/ou l\u2019identit\u00e9 sexuelle<\/li>\n<li>le handicap<\/li>\n<li>le sans-abrisme<\/li>\n<li>les convictions<\/li>\n<li>l\u2019origine ethnique attribu\u00e9e<\/li>\n<li>l\u2019activit\u00e9 politique de lutte contre le racisme et l\u2019extr\u00eame droite, ou l\u2019engagement pour les r\u00e9fugi\u00e9s<\/li>\n<li>une position alternative et\/ou anti-extr\u00eame droite<\/li>\n<li>l\u2019appartenance religieuse.<\/li>\n<\/ul>\n<p><a href=\"https:\/\/www.before-muenchen.de\/fr\/conseil\/que-faire-en-cas-dagression\/\">Que faire en cas d\u2019agression ?<\/a><\/p>\n<p>&nbsp;<\/p>","protected":false},"excerpt":{"rendered":"<p>BEFORE aide les personnes directement ou indirectement &#8230; <\/p>\n","protected":false},"author":1,"featured_media":0,"parent":644,"menu_order":5,"comment_status":"closed","ping_status":"closed","template":"page-weiterlesen-templ.php","meta":{"_acf_changed":false,"footnotes":""},"class_list":["post-648","page","type-page","status-publish","hentry"],"acf":[],"_links":{"self":[{"href":"https:\/\/www.before-muenchen.de\/fr\/wp-json\/wp\/v2\/pages\/648","targetHints":{"allow":["GET"]}}],"collection":[{"href":"https:\/\/www.before-muenchen.de\/fr\/wp-json\/wp\/v2\/pages"}],"about":[{"href":"https:\/\/www.before-muenchen.de\/fr\/wp-json\/wp\/v2\/types\/page"}],"author":[{"embeddable":true,"href":"https:\/\/www.before-muenchen.de\/fr\/wp-json\/wp\/v2\/users\/1"}],"replies":[{"embeddable":true,"href":"https:\/\/www.before-muenchen.de\/fr\/wp-json\/wp\/v2\/comments?post=648"}],"version-history":[{"count":5,"href":"https:\/\/www.before-muenchen.de\/fr\/wp-json\/wp\/v2\/pages\/648\/revisions"}],"predecessor-version":[{"id":699,"href":"https:\/\/www.before-muenchen.de\/fr\/wp-json\/wp\/v2\/pages\/648\/revisions\/699"}],"up":[{"embeddable":true,"href":"https:\/\/www.before-muenchen.de\/fr\/wp-json\/wp\/v2\/pages\/644"}],"wp:attachment":[{"href":"https:\/\/www.before-muenchen.de\/fr\/wp-json\/wp\/v2\/media?parent=648"}],"curies":[{"name":"wp","href":"https:\/\/api.w.org\/{rel}","templated":true}]}}